{"id":3554,"date":"2021-05-02T00:37:53","date_gmt":"2021-05-01T23:37:53","guid":{"rendered":"http:\/\/www.alegro-weltweit.de\/wordpress_neu\/?page_id=3554"},"modified":"2021-06-02T01:27:24","modified_gmt":"2021-06-02T00:27:24","slug":"la-segunda-generacion","status":"publish","type":"page","link":"http:\/\/www.alegro-weltweit.de\/wordpress_neu\/la-segunda-generacion\/","title":{"rendered":"La segunda generaci\u00f3n (2016\/17)"},"content":{"rendered":"\n<figure class=\"wp-block-image\"><img decoding=\"async\" loading=\"lazy\" width=\"1392\" height=\"920\" src=\"http:\/\/www.alegro-weltweit.de\/wordpress_neu\/wp-content\/uploads\/2013\/06\/r2r1.jpg\" alt=\"\" class=\"wp-image-1896\" srcset=\"http:\/\/www.alegro-weltweit.de\/wordpress_neu\/wp-content\/uploads\/2013\/06\/r2r1.jpg 1392w, http:\/\/www.alegro-weltweit.de\/wordpress_neu\/wp-content\/uploads\/2013\/06\/r2r1-150x99.jpg 150w, http:\/\/www.alegro-weltweit.de\/wordpress_neu\/wp-content\/uploads\/2013\/06\/r2r1-300x198.jpg 300w, http:\/\/www.alegro-weltweit.de\/wordpress_neu\/wp-content\/uploads\/2013\/06\/r2r1-768x508.jpg 768w, http:\/\/www.alegro-weltweit.de\/wordpress_neu\/wp-content\/uploads\/2013\/06\/r2r1-1024x677.jpg 1024w\" sizes=\"(max-width: 1392px) 100vw, 1392px\" \/><figcaption>La segunda generaci\u00f3n de Sur-Norte <\/figcaption><\/figure>\n\n\n\n<div class=\"wp-block-image\"><figure class=\"alignright size-large is-resized\"><img decoding=\"async\" loading=\"lazy\" src=\"http:\/\/www.alegro-weltweit.de\/wordpress_neu\/wp-content\/uploads\/2016\/06\/te5-2-683x1024.jpg\" alt=\"\" class=\"wp-image-1866\" width=\"185\" height=\"277\" srcset=\"http:\/\/www.alegro-weltweit.de\/wordpress_neu\/wp-content\/uploads\/2016\/06\/te5-2-683x1024.jpg 683w, http:\/\/www.alegro-weltweit.de\/wordpress_neu\/wp-content\/uploads\/2016\/06\/te5-2-100x150.jpg 100w, http:\/\/www.alegro-weltweit.de\/wordpress_neu\/wp-content\/uploads\/2016\/06\/te5-2-200x300.jpg 200w, http:\/\/www.alegro-weltweit.de\/wordpress_neu\/wp-content\/uploads\/2016\/06\/te5-2-768x1152.jpg 768w, http:\/\/www.alegro-weltweit.de\/wordpress_neu\/wp-content\/uploads\/2016\/06\/te5-2.jpg 1733w\" sizes=\"(max-width: 185px) 100vw, 185px\" \/><\/figure><\/div>\n\n\n\n<p>E S T E F A N O<\/p>\n\n\n\n<p class=\"has-text-align-left\"><strong>Despu\u00e9s de 9 meses en Alemania Estefano escribe:&nbsp;<\/strong><em>En conclusi\u00f3n creo que lo que m\u00e1s&nbsp;ha cambiado este tiempo he sL<\/em>a <em>ido yo, reconozco tener un cambio del&nbsp;Estefano que lleg\u00f3 a Alemania y el que pronto est\u00e1 por regresar a&nbsp;Ecuador, tambi\u00e9n ha cambiado la forma de ver a mi familia y para terminar Extra\u00f1ar\u00e9&nbsp;mucho Alemania. <\/em><\/p>\n\n\n\n<p>Estefano vivi\u00f3 en K\u00f6ln y trabaj\u00f3 con IBWA.<\/p>\n\n\n\n<p><\/p>\n\n\n\n<p><\/p>\n\n\n\n<p>G I A N N A<\/p>\n\n\n\n<div class=\"wp-block-image\"><figure class=\"alignright\"><img decoding=\"async\" loading=\"lazy\" width=\"300\" height=\"200\" src=\"http:\/\/www.alegro-weltweit.de\/wordpress_neu\/wp-content\/uploads\/2016\/06\/gi3-2-300x200.jpg\" alt=\"gi3 (2)\" class=\"wp-image-1865\" srcset=\"http:\/\/www.alegro-weltweit.de\/wordpress_neu\/wp-content\/uploads\/2016\/06\/gi3-2-300x200.jpg 300w, http:\/\/www.alegro-weltweit.de\/wordpress_neu\/wp-content\/uploads\/2016\/06\/gi3-2-150x100.jpg 150w, http:\/\/www.alegro-weltweit.de\/wordpress_neu\/wp-content\/uploads\/2016\/06\/gi3-2-768x512.jpg 768w, http:\/\/www.alegro-weltweit.de\/wordpress_neu\/wp-content\/uploads\/2016\/06\/gi3-2-1024x683.jpg 1024w\" sizes=\"(max-width: 300px) 100vw, 300px\" \/><\/figure><\/div>\n\n\n\n<p>Gianna escribi\u00f3 antes de ir a Alemania: Me gusta conocer a personas y ayudarles. Eso es una raz\u00f3n por la cu\u00e1l soy voluntaria. Estoy emocionada de la posibilidad de aprender, de conocer y de ofrecer mis capacidades. Me gusta cocinar y aprender nuevas recetas, nuevos acostumbres y culturas. <\/p>\n\n\n\n<p>Gianna vivi\u00f3 en T\u00fcrnich \/ Kerpen y trabaj\u00f3 en una Kita.<\/p>\n\n\n\n<p><\/p>\n\n\n\n<p>J H O S I M A R <\/p>\n\n\n\n<div class=\"wp-block-image\"><figure class=\"alignright\"><img decoding=\"async\" loading=\"lazy\" width=\"200\" height=\"300\" src=\"http:\/\/www.alegro-weltweit.de\/wordpress_neu\/wp-content\/uploads\/2016\/06\/jo2-2-200x300.jpg\" alt=\"jo2 (2)\" class=\"wp-image-1864\" srcset=\"http:\/\/www.alegro-weltweit.de\/wordpress_neu\/wp-content\/uploads\/2016\/06\/jo2-2-200x300.jpg 200w, http:\/\/www.alegro-weltweit.de\/wordpress_neu\/wp-content\/uploads\/2016\/06\/jo2-2-100x150.jpg 100w, http:\/\/www.alegro-weltweit.de\/wordpress_neu\/wp-content\/uploads\/2016\/06\/jo2-2-768x1152.jpg 768w, http:\/\/www.alegro-weltweit.de\/wordpress_neu\/wp-content\/uploads\/2016\/06\/jo2-2-683x1024.jpg 683w\" sizes=\"(max-width: 200px) 100vw, 200px\" \/><\/figure><\/div>\n\n\n\n<p><strong>Despu\u00e9s de 9 meses en Alemania Jhosimar escribe:&nbsp;<\/strong><em>Al d\u00eda de hoy en comparaci\u00f3n con el yo de un inicio, siento que mucho de mi ha cambiado, pero en s\u00ed sigo siendo el mismo. El cambio no se da en el hecho de que he dejado de hacer cosas, sino m\u00e1s en el hecho de que me di cuenta que hab\u00eda dejado de hacer muchas cosas por intentar cambiar. El descubrir qui\u00e9n soy y cual es realmente mi significado en este mundo me mueve hacia adelante. Sin entenderme \u00bfc\u00f3mo podr\u00eda comprender a los dem\u00e1s?. Por otro lado gracias al invierno y a su fin, el cambio de estaci\u00f3n, me ha servido mucho para cambiar mi energ\u00eda en el d\u00eda a d\u00eda, pensar en actividades y cosas para gastar mi tiempo. Gracias a ello \u00faltimamente he intentado aprender algo que me permita gastar esta energ\u00eda, sentirme vivo y activo de cierta forma. He iniciado haciendo algo de capoeria y realmente siento que esto me sirve en mi desarrollo.<\/em> <\/p>\n\n\n\n<p>Jhosimar vivi\u00f3 en Dortmund y trabaj\u00f3 en la Bunte Schule. <\/p>\n\n\n\n<p><\/p>\n\n\n\n<p>E L S A<\/p>\n\n\n\n<div class=\"wp-block-image\"><figure class=\"alignright\"><img decoding=\"async\" loading=\"lazy\" width=\"200\" height=\"300\" src=\"http:\/\/www.alegro-weltweit.de\/wordpress_neu\/wp-content\/uploads\/2016\/06\/IMG_8191-2-200x300.jpg\" alt=\"IMG_8191 (2)\" class=\"wp-image-1857\" srcset=\"http:\/\/www.alegro-weltweit.de\/wordpress_neu\/wp-content\/uploads\/2016\/06\/IMG_8191-2-200x300.jpg 200w, http:\/\/www.alegro-weltweit.de\/wordpress_neu\/wp-content\/uploads\/2016\/06\/IMG_8191-2-100x150.jpg 100w, http:\/\/www.alegro-weltweit.de\/wordpress_neu\/wp-content\/uploads\/2016\/06\/IMG_8191-2.jpg 289w\" sizes=\"(max-width: 200px) 100vw, 200px\" \/><\/figure><\/div>\n\n\n\n<p><strong>Despu\u00e9s de 9 meses en Alemania Elsy escribi\u00f3:&nbsp;&nbsp;<\/strong><em>Pues han cambiado muchas cosas&nbsp;en mi forma de pensar, actuar y de ver al mundo. Tambi\u00e9n he desarrollado muchas \u00e1reas de mi vida; aquellas que necesitaban crecer, madurar y ser expresadas libremente.Una de las cosas m\u00e1s curiosas que me ha pasado aqu\u00ed, es que muchas veces me he sentida&nbsp;MUY&nbsp;identificada con los ni\u00f1os con quienes trabajo que con la misma&nbsp;gente&nbsp;de&nbsp;Ecuador.&nbsp; Quiero compartir con ustedes una de las cosas que he aprendido aqu\u00ed: y es: Expresar&nbsp;lo que uno siente&nbsp;(en todo el&nbsp;sentido de la palabra)&nbsp;, que aunque haya temor, es de valientes hacerlo<\/em>. <\/p>\n\n\n\n<p>Elsa vivi\u00f3 en Dortmund y trabaj\u00f3 en el Kinderladen. <\/p>\n\n\n\n<p><\/p>\n\n\n\n<p>E D U A R D O <\/p>\n\n\n\n<div class=\"wp-block-image\"><figure class=\"alignright\"><img decoding=\"async\" loading=\"lazy\" width=\"232\" height=\"300\" src=\"http:\/\/www.alegro-weltweit.de\/wordpress_neu\/wp-content\/uploads\/2016\/06\/Edu-232x300.jpg\" alt=\"Edu\" class=\"wp-image-1855\" srcset=\"http:\/\/www.alegro-weltweit.de\/wordpress_neu\/wp-content\/uploads\/2016\/06\/Edu-232x300.jpg 232w, http:\/\/www.alegro-weltweit.de\/wordpress_neu\/wp-content\/uploads\/2016\/06\/Edu-116x150.jpg 116w, http:\/\/www.alegro-weltweit.de\/wordpress_neu\/wp-content\/uploads\/2016\/06\/Edu.jpg 614w\" sizes=\"(max-width: 232px) 100vw, 232px\" \/><\/figure><\/div>\n\n\n\n<p><strong>Despu\u00e9s de 9 meses en Alemania Eduardo escribi\u00f3:<\/strong> <em>Me siento muy feliz por cada una de las experiencias vividas, realmente me han aumentado el car\u00e1cter en varios aspectos pero no creo que me haya cambiado totalmente, he podido conocerme de una mejor forma, en varios aspectos con las personas pero m\u00e1s que nada he tenido tiempo para pensar m\u00e1s conmigo mismo<\/em>. <\/p>\n\n\n\n<p>Eduardo vivi\u00f3 en Leipzig y trabaj\u00f3 en la Tafel Leipzig. <\/p>\n\n\n\n<p><\/p>\n\n\n\n<p>A L E X I S <\/p>\n\n\n\n<div class=\"wp-block-image\"><figure class=\"alignright\"><img decoding=\"async\" loading=\"lazy\" width=\"200\" height=\"300\" src=\"http:\/\/www.alegro-weltweit.de\/wordpress_neu\/wp-content\/uploads\/2016\/06\/alexis2-2-200x300.jpg\" alt=\"alexis2 (2)\" class=\"wp-image-1856\" srcset=\"http:\/\/www.alegro-weltweit.de\/wordpress_neu\/wp-content\/uploads\/2016\/06\/alexis2-2-200x300.jpg 200w, http:\/\/www.alegro-weltweit.de\/wordpress_neu\/wp-content\/uploads\/2016\/06\/alexis2-2-100x150.jpg 100w, http:\/\/www.alegro-weltweit.de\/wordpress_neu\/wp-content\/uploads\/2016\/06\/alexis2-2-768x1152.jpg 768w, http:\/\/www.alegro-weltweit.de\/wordpress_neu\/wp-content\/uploads\/2016\/06\/alexis2-2-683x1024.jpg 683w, http:\/\/www.alegro-weltweit.de\/wordpress_neu\/wp-content\/uploads\/2016\/06\/alexis2-2.jpg 1633w\" sizes=\"(max-width: 200px) 100vw, 200px\" \/><\/figure><\/div>\n\n\n\n<p><strong>Despu\u00e9s de 9 meses en Alemania Alexis escribi\u00f3:<\/strong><em> He podido darme cuenta de la manera en que yo encuentro libertad de acci\u00f3n. Felicidad innata que crece dentro de uno, pero nace de las decisiones que se toma. Mis deseos para estos pr\u00f3ximos seis meses son 3: -continuar viajando, es para mi libertad; -seguir aprendiendo en Annalinde, para mi es crecimiento; -poder reconocer los verdaderos amigos que habr\u00e9 hecho aqu\u00ed, es esa felicidad. Creo que estos tres aspectos hacen de este intercambio un tiempo que valga por s\u00ed mismo, se puede comprender como creces a nivel personal.<\/em><\/p>\n\n\n\n<p>Alexis vivi\u00f3 en Leipzig y trabaj\u00f3 en Annalinde. <\/p>\n\n\n\n<p><\/p>\n\n\n\n<p><\/p>\n\n\n\n<p>K A R E N <\/p>\n\n\n\n<div class=\"wp-block-image\"><figure class=\"alignright\"><img decoding=\"async\" loading=\"lazy\" width=\"200\" height=\"300\" src=\"http:\/\/www.alegro-weltweit.de\/wordpress_neu\/wp-content\/uploads\/2016\/06\/ka7-2-200x300.jpg\" alt=\"ka7 (2)\" class=\"wp-image-1862\" srcset=\"http:\/\/www.alegro-weltweit.de\/wordpress_neu\/wp-content\/uploads\/2016\/06\/ka7-2-200x300.jpg 200w, http:\/\/www.alegro-weltweit.de\/wordpress_neu\/wp-content\/uploads\/2016\/06\/ka7-2-100x150.jpg 100w, http:\/\/www.alegro-weltweit.de\/wordpress_neu\/wp-content\/uploads\/2016\/06\/ka7-2-768x1152.jpg 768w, http:\/\/www.alegro-weltweit.de\/wordpress_neu\/wp-content\/uploads\/2016\/06\/ka7-2-683x1024.jpg 683w, http:\/\/www.alegro-weltweit.de\/wordpress_neu\/wp-content\/uploads\/2016\/06\/ka7-2.jpg 840w\" sizes=\"(max-width: 200px) 100vw, 200px\" \/><\/figure><\/div>\n\n\n\n<p>La idea de que har\u00e9 un voluntariado y vivr\u00e9 con una familia, me llena de emoci\u00f3n y de alegr\u00eda de conocerles y de mostrar lo mejor de mi pa\u00eds, de mi sabidur\u00eda y de mis ideas. Pienso que aprender y viajar hace de nosotros mejores personas. Abre a nuestros esp\u00edritus a nuevas ideas y experiencias, que llevar\u00e9 en mi coraz\u00f3n para el resto de mi vida. <\/p>\n\n\n\n<p>Karen vivi\u00f3 en Jena y trabaj\u00f3 en Towanda. <\/p>\n\n\n\n<p><\/p>\n\n\n\n<p><\/p>\n\n\n\n<p><\/p>\n\n\n\n<p>A N D R \u00c8 S<\/p>\n\n\n\n<div class=\"wp-block-image\"><figure class=\"alignright\"><img decoding=\"async\" loading=\"lazy\" width=\"300\" height=\"200\" src=\"http:\/\/www.alegro-weltweit.de\/wordpress_neu\/wp-content\/uploads\/2016\/06\/chino7-2-300x200.jpg\" alt=\"chino7 (2)\" class=\"wp-image-1858\" srcset=\"http:\/\/www.alegro-weltweit.de\/wordpress_neu\/wp-content\/uploads\/2016\/06\/chino7-2-300x200.jpg 300w, http:\/\/www.alegro-weltweit.de\/wordpress_neu\/wp-content\/uploads\/2016\/06\/chino7-2-150x100.jpg 150w, http:\/\/www.alegro-weltweit.de\/wordpress_neu\/wp-content\/uploads\/2016\/06\/chino7-2-768x512.jpg 768w, http:\/\/www.alegro-weltweit.de\/wordpress_neu\/wp-content\/uploads\/2016\/06\/chino7-2-1024x683.jpg 1024w\" sizes=\"(max-width: 300px) 100vw, 300px\" \/><\/figure><\/div>\n\n\n\n<p><strong>Despu\u00e9s de 9 meses en Alemania:&nbsp;<\/strong><em>Lo primero, seria para m\u00ed, la tolerancia que logrado adquirir hacia otras personas, la verdad el c\u00edrculo social en el que me he desenvuelto ac\u00e1, ha sido totalmente diferente al que acostumbraba y eso me a ense\u00f1ando a ser mucho m\u00e1s tolerante con personas con las cuales pensaba jam\u00e1s podr\u00eda tener una relaci\u00f3n cercana. Luego de todo este tiempo ac\u00e1, tambi\u00e9n han cambiado mucho las ideas que ten\u00eda sobre el porqu\u00e9 del desarrollo de Europa en comparaci\u00f3n de Am\u00e9rica Latina, ha resultado muy interesante compartir con gente de casi todo el mundo y poder conversar y aprender un poco m\u00e1s de cada uno de ellos.&nbsp;<\/em><\/p>\n\n\n\n<p>Andres vivi\u00f3 en Jena y trabajo en Kulturanum. <\/p>\n\n\n\n<p><\/p>\n\n\n\n<p>P A U L E T T E<\/p>\n\n\n\n<div class=\"wp-block-image\"><figure class=\"alignright\"><img decoding=\"async\" loading=\"lazy\" width=\"200\" height=\"300\" src=\"http:\/\/www.alegro-weltweit.de\/wordpress_neu\/wp-content\/uploads\/2016\/06\/IMG_5313-2-200x300.jpg\" alt=\"IMG_5313 (2)\" class=\"wp-image-1861\" srcset=\"http:\/\/www.alegro-weltweit.de\/wordpress_neu\/wp-content\/uploads\/2016\/06\/IMG_5313-2-200x300.jpg 200w, http:\/\/www.alegro-weltweit.de\/wordpress_neu\/wp-content\/uploads\/2016\/06\/IMG_5313-2-100x150.jpg 100w, http:\/\/www.alegro-weltweit.de\/wordpress_neu\/wp-content\/uploads\/2016\/06\/IMG_5313-2-768x1152.jpg 768w, http:\/\/www.alegro-weltweit.de\/wordpress_neu\/wp-content\/uploads\/2016\/06\/IMG_5313-2-683x1024.jpg 683w, http:\/\/www.alegro-weltweit.de\/wordpress_neu\/wp-content\/uploads\/2016\/06\/IMG_5313-2.jpg 1255w\" sizes=\"(max-width: 200px) 100vw, 200px\" \/><\/figure><\/div>\n\n\n\n<p><strong>Despu\u00e9s de  9 meses Poli escribi\u00f3:&nbsp;<\/strong><em>Aunque seamos de diferentes continentes, las diferencias no son tantas, nos unen sentimientos, el mundo nos hace sentir, la tierra nos llama, nos calienta, nos alimenta, y con mi familia vi que todo lo que necesitamos esta justo alrededor nuestro, solo basta observar y sacarle provecho a las cosas que tenemos.Creo que mi esencia est\u00e1 mut\u00e1ndose todo el tiempo con el aprendizaje diario, descubr\u00ed que sigo siendo una ni\u00f1a, pero ahora una m\u00e1s fuerte, y no es malo, siempre nos obligan a creer que la idea de crecer es ponerse serios y hacer las cosas de la mejor manera, cuando hay que aprender a re\u00edrse de todo y tomarse las cosas con calma.&nbsp;Aprend\u00ed a abrazar con el alma, a hacer que los corazones se sincronicen, a escuchar con empat\u00eda, a agradecer un pedazo de comida, a valorar una mirada que parece esconderse, abri mi mente, am\u00e9 y quiero amar por mucho tiempo.<\/em><\/p>\n\n\n\n<p>Poli vivi\u00f3 en Biesenthal y trabaj\u00f3 en Wukaninchen. <\/p>\n\n\n\n<p><\/p>\n\n\n\n<p>A N D R E A <\/p>\n\n\n\n<div class=\"wp-block-image\"><figure class=\"alignright\"><img decoding=\"async\" loading=\"lazy\" width=\"200\" height=\"300\" src=\"http:\/\/www.alegro-weltweit.de\/wordpress_neu\/wp-content\/uploads\/2016\/06\/IMG_5416-2-200x300.jpg\" alt=\"IMG_5416 (2)\" class=\"wp-image-1859\" srcset=\"http:\/\/www.alegro-weltweit.de\/wordpress_neu\/wp-content\/uploads\/2016\/06\/IMG_5416-2-200x300.jpg 200w, http:\/\/www.alegro-weltweit.de\/wordpress_neu\/wp-content\/uploads\/2016\/06\/IMG_5416-2-100x150.jpg 100w, http:\/\/www.alegro-weltweit.de\/wordpress_neu\/wp-content\/uploads\/2016\/06\/IMG_5416-2-768x1152.jpg 768w, http:\/\/www.alegro-weltweit.de\/wordpress_neu\/wp-content\/uploads\/2016\/06\/IMG_5416-2-683x1024.jpg 683w, http:\/\/www.alegro-weltweit.de\/wordpress_neu\/wp-content\/uploads\/2016\/06\/IMG_5416-2.jpg 1559w\" sizes=\"(max-width: 200px) 100vw, 200px\" \/><\/figure><\/div>\n\n\n\n<p><strong>Despu\u00e9s de 9 meses Andrea escribi\u00f3:&nbsp;<\/strong><em>Ya pasaron casi 6 meses y 3 desde que escribe mi \u00faltimo informe, fue muy divertido volverlo a leer y ver c\u00f3mo han cambiado las cosas. Tambi\u00e9n me sorprende que ya han pasado 6 meses y tengo sentimientos encontrados al pensar que me quedan solo 6, por una parte muy feliz de regresar a mi pa\u00eds y volver a ver a mi familia y amigos y por otra triste de dejar lo que estoy haciendo ac\u00e1 que me gusta mucho y las personas (y animales ;P) con las que me he encari\u00f1ado mucho.<\/em><\/p>\n\n\n\n<p>Andrea vivi\u00f3 en Berlin y trabaj\u00f3 en la Freie Naturschule Berlin. <\/p>\n\n\n\n<p><\/p>\n\n\n\n<p>R O B E R T O <\/p>\n\n\n\n<div class=\"wp-block-image\"><figure class=\"alignright\"><img decoding=\"async\" loading=\"lazy\" width=\"200\" height=\"300\" src=\"http:\/\/www.alegro-weltweit.de\/wordpress_neu\/wp-content\/uploads\/2016\/06\/IMG_7882-2-200x300.jpg\" alt=\"IMG_7882 (2)\" class=\"wp-image-1860\" srcset=\"http:\/\/www.alegro-weltweit.de\/wordpress_neu\/wp-content\/uploads\/2016\/06\/IMG_7882-2-200x300.jpg 200w, http:\/\/www.alegro-weltweit.de\/wordpress_neu\/wp-content\/uploads\/2016\/06\/IMG_7882-2-100x150.jpg 100w, http:\/\/www.alegro-weltweit.de\/wordpress_neu\/wp-content\/uploads\/2016\/06\/IMG_7882-2-683x1024.jpg 683w, http:\/\/www.alegro-weltweit.de\/wordpress_neu\/wp-content\/uploads\/2016\/06\/IMG_7882-2.jpg 684w\" sizes=\"(max-width: 200px) 100vw, 200px\" \/><\/figure><\/div>\n\n\n\n<p><strong>Despu\u00e9s de 9 meses Roberto escribi\u00f3:<\/strong> <em><em>Saben que: es algo grandioso despertar todos los d\u00edas, despu\u00e9s de una noche con sue\u00f1os fuera de lo normal y agobiantes; con las mismas energ\u00edas de que el d\u00eda siempre va a ser diferente y de que todos los d\u00edas tengo que mantener la concentraci\u00f3n para entender un idioma que no es m\u00edo, despertar y saber que algo puede pasar en esta ciudad de locos, abrir los ojos pensando en la felicidad y con quien pasar\u00e9 el d\u00eda; lavarme la cara y ver unas l\u00edneas de sabidur\u00eda o muchas risas o tal vez un poco de sufrimiento que marcan mi rostro; preparar los mismos vegetales todos los d\u00edas, con la misma m\u00fasica de onda vaga, sentarte, comer y sin saber que pude haber creado una obra de<br>arte porque una vez m\u00e1s he comido solo. Estas peque\u00f1as cosas hacen que esta vida sea de las m\u00e1s grandes experiencias vividas a lo largo de mi vida.<\/em><\/em><\/p>\n\n\n\n<p>Roberto vivi\u00f3 en Berlin y trabajo en Pink Panke. <\/p>\n","protected":false},"excerpt":{"rendered":"<p>E S T E F A N O Despu\u00e9s de 9 meses en Alemania Estefano escribe:&nbsp;En conclusi\u00f3n creo que lo que m\u00e1s&nbsp;ha cambiado este tiempo he sLa ido yo, reconozco<\/p>\n","protected":false},"author":14,"featured_media":0,"parent":0,"menu_order":0,"comment_status":"closed","ping_status":"closed","template":"","meta":[],"_links":{"self":[{"href":"http:\/\/www.alegro-weltweit.de\/wordpress_neu\/wp-json\/wp\/v2\/pages\/3554"}],"collection":[{"href":"http:\/\/www.alegro-weltweit.de\/wordpress_neu\/wp-json\/wp\/v2\/pages"}],"about":[{"href":"http:\/\/www.alegro-weltweit.de\/wordpress_neu\/wp-json\/wp\/v2\/types\/page"}],"author":[{"embeddable":true,"href":"http:\/\/www.alegro-weltweit.de\/wordpress_neu\/wp-json\/wp\/v2\/users\/14"}],"replies":[{"embeddable":true,"href":"http:\/\/www.alegro-weltweit.de\/wordpress_neu\/wp-json\/wp\/v2\/comments?post=3554"}],"version-history":[{"count":10,"href":"http:\/\/www.alegro-weltweit.de\/wordpress_neu\/wp-json\/wp\/v2\/pages\/3554\/revisions"}],"predecessor-version":[{"id":3615,"href":"http:\/\/www.alegro-weltweit.de\/wordpress_neu\/wp-json\/wp\/v2\/pages\/3554\/revisions\/3615"}],"wp:attachment":[{"href":"http:\/\/www.alegro-weltweit.de\/wordpress_neu\/wp-json\/wp\/v2\/media?parent=3554"}],"curies":[{"name":"wp","href":"https:\/\/api.w.org\/{rel}","templated":true}]}}